{"id":1429,"date":"2023-05-09T10:04:11","date_gmt":"2023-05-09T08:04:11","guid":{"rendered":"http:\/\/savoiedefemme.fr\/?page_id=1429"},"modified":"2023-08-08T16:09:23","modified_gmt":"2023-08-08T14:09:23","slug":"toutes-en-moto","status":"publish","type":"page","link":"https:\/\/savoiedefemme.fr\/index.php\/toutes-en-moto\/","title":{"rendered":"Toutes en moto !"},"content":{"rendered":"\n<p>Nous avons eu la chance d&rsquo;\u00eatre choisis, encore cette ann\u00e9e, par l&rsquo;association <a href=\"https:\/\/www.toutesenmoto.org\/asso-locales\/chambery\/chambery\" data-type=\"URL\" data-id=\"https:\/\/www.toutesenmoto.org\/asso-locales\/chambery\/chambery\">\u00ab\u00a0Toutes en moto Pays de Savoie\u00a0\u00bb<\/a> pour recevoir les dons r\u00e9colt\u00e9s lors de leur d\u00e9fil\u00e9 organis\u00e9 le dimanche 12 mars 2023 au petit port d&rsquo;Aix-les-Bains.<\/p>\n\n\n\n<p>Ces dons nous sont tr\u00e8s pr\u00e9cieux, car ils nous permettent de continuer \u00e0 recevoir des femmes et de les accompagner dans leur reconstruction. Nous continuerons \u00e9galement gr\u00e2ce \u00e0 ces dons \u00e0 sensibiliser le public et notamment les professionnel.le.s confront\u00e9.e.s \u00e0 la question des violences faites aux femmes.<br>Enfin, cela nous permet de d\u00e9velopper notre pr\u00e9sence sur l&rsquo;ensemble du territoire de la Savoie, ainsi nous pouvons accompagner des femmes r\u00e9sidant dans des secteurs plus isol\u00e9s mais tout de m\u00eame dans le besoin.<\/p>\n\n\n\n<p>Nous remercions l&rsquo;association <a href=\"https:\/\/www.toutesenmoto.org\/asso-locales\/chambery\/chambery\" data-type=\"URL\" data-id=\"https:\/\/www.toutesenmoto.org\/asso-locales\/chambery\/chambery\">\u00ab\u00a0Toutes en moto Pays de Savoie\u00a0\u00bb<\/a> pour leur geste et l&rsquo;organisation enti\u00e8re de cet \u00e9v\u00e9nement.<br>Nous remercions \u00e9galement&nbsp;<a href=\"https:\/\/www.savoie-news.fr\/reportages\/societe\/article\/rassemblement-de-motards-au-profit-de-savoie-de-femme\" data-type=\"URL\" data-id=\"https:\/\/www.savoie-news.fr\/reportages\/societe\/article\/rassemblement-de-motards-au-profit-de-savoie-de-femme\">Savoie News<\/a> pour ce reportage tr\u00e8s bien r\u00e9alis\u00e9 !<br>Et bien s\u00fbr, un grand merci \u00e0 toutes les motardes et motards qui ont r\u00e9pondu pr\u00e9sents pour ce joli d\u00e9fil\u00e9&nbsp;!<\/p>\n\n\n\n<figure class=\"wp-block-embed is-type-video is-provider-youtube wp-block-embed-youtube wp-embed-aspect-4-3 wp-has-aspect-ratio\"><div class=\"wp-block-embed__wrapper\">\n<iframe loading=\"lazy\" title=\"Aix-les-Bains : Rassemblement  de motards au profit de Savoie de femme\" width=\"960\" height=\"720\" src=\"https:\/\/www.youtube.com\/embed\/amG2M8wbMcQ?feature=oembed\" frameborder=\"0\" allow=\"accelerometer; autoplay; clipboard-write; encrypted-media; gyroscope; picture-in-picture; web-share\" allowfullscreen><\/iframe>\n<\/div><\/figure>\n\n\n\n<hr class=\"wp-block-separator\"\/>\n\n\n\n<hr class=\"wp-block-separator\"\/>\n","protected":false},"excerpt":{"rendered":"<p>Nous avons eu la chance d&rsquo;\u00eatre choisis, encore cette ann\u00e9e, par l&rsquo;association \u00ab\u00a0Toutes en moto Pays de Savoie\u00a0\u00bb pour recevoir les dons r\u00e9colt\u00e9s lors de leur d\u00e9fil\u00e9 organis\u00e9 le dimanche 12 mars 2023 au petit port d&rsquo;Aix-les-Bains. Ces dons nous sont tr\u00e8s pr\u00e9cieux, car ils nous permettent de continuer \u00e0 recevoir des femmes et de les accompagner dans leur reconstruction. Nous continuerons \u00e9galement gr\u00e2ce \u00e0 ces dons \u00e0 sensibiliser le public et notamment les professionnel.le.s confront\u00e9.e.s \u00e0 la question des violences faites aux femmes.Enfin, cela nous permet de d\u00e9velopper notre pr\u00e9sence sur l&rsquo;ensemble du territoire de la Savoie, ainsi nous pouvons accompagner des femmes r\u00e9sidant dans des secteurs plus isol\u00e9s mais tout de m\u00eame dans le besoin. Nous remercions l&rsquo;association \u00ab\u00a0Toutes en moto Pays de Savoie\u00a0\u00bb pour leur geste et l&rsquo;organisation enti\u00e8re de cet \u00e9v\u00e9nement.Nous remercions \u00e9galement&nbsp;Savoie News pour ce reportage tr\u00e8s bien r\u00e9alis\u00e9 !Et bien s\u00fbr, un grand merci \u00e0 toutes les motardes et motards qui ont r\u00e9pondu pr\u00e9sents pour ce joli d\u00e9fil\u00e9&nbsp;!<\/p>\n","protected":false},"author":1,"featured_media":0,"parent":0,"menu_order":0,"comment_status":"closed","ping_status":"closed","template":"","meta":{"footnotes":""},"class_list":["post-1429","page","type-page","status-publish","hentry"],"jetpack_sharing_enabled":true,"_links":{"self":[{"href":"https:\/\/savoiedefemme.fr\/index.php\/wp-json\/wp\/v2\/pages\/1429","targetHints":{"allow":["GET"]}}],"collection":[{"href":"https:\/\/savoiedefemme.fr\/index.php\/wp-json\/wp\/v2\/pages"}],"about":[{"href":"https:\/\/savoiedefemme.fr\/index.php\/wp-json\/wp\/v2\/types\/page"}],"author":[{"embeddable":true,"href":"https:\/\/savoiedefemme.fr\/index.php\/wp-json\/wp\/v2\/users\/1"}],"replies":[{"embeddable":true,"href":"https:\/\/savoiedefemme.fr\/index.php\/wp-json\/wp\/v2\/comments?post=1429"}],"version-history":[{"count":3,"href":"https:\/\/savoiedefemme.fr\/index.php\/wp-json\/wp\/v2\/pages\/1429\/revisions"}],"predecessor-version":[{"id":1476,"href":"https:\/\/savoiedefemme.fr\/index.php\/wp-json\/wp\/v2\/pages\/1429\/revisions\/1476"}],"wp:attachment":[{"href":"https:\/\/savoiedefemme.fr\/index.php\/wp-json\/wp\/v2\/media?parent=1429"}],"curies":[{"name":"wp","href":"https:\/\/api.w.org\/{rel}","templated":true}]}}